{"id":3396,"date":"2016-08-15T14:15:02","date_gmt":"2016-08-15T14:15:02","guid":{"rendered":"http:\/\/zoutula.com\/themes\/kiddie\/?page_id=3396"},"modified":"2025-01-09T10:30:09","modified_gmt":"2025-01-09T09:30:09","slug":"matricularse","status":"publish","type":"page","link":"https:\/\/guarderiatrobajo.es\/index.php\/matricularse\/","title":{"rendered":"Matricularse"},"content":{"rendered":"<section class=\"wpb-content-wrapper\"><p>[vc_row gap=\u00bb30&#8243;][vc_column width=\u00bb1\/2&#8243; el_class=\u00bbztl-contact-form\u00bb]\n<div class=\"wpcf7 no-js\" id=\"wpcf7-f3444-o1\" lang=\"en-US\" dir=\"ltr\">\n<div class=\"screen-reader-response\"><p role=\"status\" aria-live=\"polite\" aria-atomic=\"true\"><\/p> <ul><\/ul><\/div>\n<form action=\"\/index.php\/wp-json\/wp\/v2\/pages\/3396#wpcf7-f3444-o1\" method=\"post\" class=\"wpcf7-form init\" aria-label=\"Contact form\" novalidate=\"novalidate\" data-status=\"init\">\n<div style=\"display: none;\">\n<input type=\"hidden\" name=\"_wpcf7\" value=\"3444\" \/>\n<input type=\"hidden\" name=\"_wpcf7_version\" value=\"5.9.8\" \/>\n<input type=\"hidden\" name=\"_wpcf7_locale\" value=\"en_US\" \/>\n<input type=\"hidden\" name=\"_wpcf7_unit_tag\" value=\"wpcf7-f3444-o1\" \/>\n<input type=\"hidden\" name=\"_wpcf7_container_post\" value=\"0\" \/>\n<input type=\"hidden\" name=\"_wpcf7_posted_data_hash\" value=\"\" \/>\n<\/div>\n<h2>Detalles del ni\u00f1o:\n<\/h2>\n<p><span class=\"wpcf7-form-control-wrap\" data-name=\"child-first-name\"><input size=\"40\" maxlength=\"400\" class=\"wpcf7-form-control wpcf7-text wpcf7-validates-as-required\" aria-required=\"true\" aria-invalid=\"false\" placeholder=\"Nombre del ni\u00f1o\" value=\"\" type=\"text\" name=\"child-first-name\" \/><\/span>\n<\/p>\n<p><span class=\"wpcf7-form-control-wrap\" data-name=\"child-last-name\"><input size=\"40\" maxlength=\"400\" class=\"wpcf7-form-control wpcf7-text wpcf7-validates-as-required\" aria-required=\"true\" aria-invalid=\"false\" placeholder=\"Apellido del ni\u00f1o\" value=\"\" type=\"text\" name=\"child-last-name\" \/><\/span>\n<\/p>\n<p><span class=\"wpcf7-form-control-wrap\" data-name=\"child-birth-date\"><input size=\"40\" maxlength=\"400\" class=\"wpcf7-form-control wpcf7-text wpcf7-validates-as-required\" aria-required=\"true\" aria-invalid=\"false\" placeholder=\"Fecha de nacimiento del ni\u00f1o (dd\/mm\/yyyy)\" value=\"\" type=\"text\" name=\"child-birth-date\" \/><\/span>\n<\/p>\n<h2>Sus datos:\n<\/h2>\n<p><span class=\"wpcf7-form-control-wrap\" data-name=\"parent-first-name\"><input size=\"40\" maxlength=\"400\" class=\"wpcf7-form-control wpcf7-text wpcf7-validates-as-required\" aria-required=\"true\" aria-invalid=\"false\" placeholder=\"Su nombre\" value=\"\" type=\"text\" name=\"parent-first-name\" \/><\/span>\n<\/p>\n<p><span class=\"wpcf7-form-control-wrap\" data-name=\"parent-last-name\"><input size=\"40\" maxlength=\"400\" class=\"wpcf7-form-control wpcf7-text wpcf7-validates-as-required\" aria-required=\"true\" aria-invalid=\"false\" placeholder=\"Su apellido\" value=\"\" type=\"text\" name=\"parent-last-name\" \/><\/span>\n<\/p>\n<p><span class=\"wpcf7-form-control-wrap\" data-name=\"parent-email\"><input size=\"40\" maxlength=\"400\" class=\"wpcf7-form-control wpcf7-email wpcf7-validates-as-required wpcf7-text wpcf7-validates-as-email\" aria-required=\"true\" aria-invalid=\"false\" placeholder=\"Su correo electr\u00f3nico\" value=\"\" type=\"email\" name=\"parent-email\" \/><\/span>\n<\/p>\n<p><span class=\"wpcf7-form-control-wrap\" data-name=\"your-message\"><textarea cols=\"40\" rows=\"10\" maxlength=\"2000\" class=\"wpcf7-form-control wpcf7-textarea\" aria-invalid=\"false\" placeholder=\"Otras notas\" name=\"your-message\"><\/textarea><\/span>\n<\/p>\n<p><input class=\"wpcf7-form-control wpcf7-submit has-spinner\" type=\"submit\" value=\"Presentar la solicitud\" \/>\n<\/p><div class=\"wpcf7-response-output\" aria-hidden=\"true\"><\/div>\n<\/form>\n<\/div>\n[\/vc_column][vc_column width=\u00bb1\/2&#8243;][vc_custom_heading text=\u00bbPasos para la inscripci\u00f3n\u00bb font_container=\u00bbtag:h2|font_size:32|text_align:left|color:%23704825|line_height:1.2&#8243; google_fonts=\u00bbfont_family:Salsa%3Aregular|font_style:400%20regular%3A400%3Anormal\u00bb][vc_tta_accordion style=\u00bbflat\u00bb color=\u00bbwhite\u00bb active_section=\u00bb1&#8243; no_fill=\u00bbtrue\u00bb el_class=\u00bbztl-accordion\u00bb][vc_tta_section title=\u00bbPaso 1: En primer Lugar\u00bb tab_id=\u00bb1471881756668-18275cc5-5d08&#8243; el_class=\u00bbztl-accordion-title\u00bb][vc_column_text]<\/p>\r\n<p>El curso se inicia en septiembre, mes que dedicamos a las adaptaciones a la nueva rutina. Durante este periodo de adaptaci\u00f3n los horarios son flexibles y se ajustan a las necesidades concretas de cada ni\u00f1o. El curso escolar comprende los meses de Octubre a Junio. El horario del centro es de 7:30 a 17:00, de lunes a viernes, salvo los d\u00edas declarados festivos. Se avisar\u00e1 con antelaci\u00f3n suficiente en caso de modificaciones en festivos o puentes. El horario de tarde podr\u00e1 ser ampliable durante el curso en funci\u00f3n de la demanda existente. Durante los meses de Julio y Agosto los horarios ser\u00e1n modificables.<\/p>\r\n<p>[\/vc_column_text][\/vc_tta_section][vc_tta_section title=\u00bbPaso 2: Presentar la solicitud en persona\u00bb tab_id=\u00bb1471881756731-c4567bed-ea2e\u00bb el_class=\u00bbztl-accordion-title\u00bb][vc_column_text css_animation=\u00bbbounceIn\u00bb]<\/p>\r\n<p><strong><u>Papeles necesarios para la matriculaci\u00f3n<\/u><\/strong><\/p>\r\n<p>\u00a0<\/p><ul class=\"wp-block-list\">\r\n<li style=\"list-style-type: none;\">\r\n<ul><li>Dos fotos tama\u00f1o carnet del ni\u00f1o\/a.<\/li>\r\n<\/ul>\r\n<\/li>\r\n<\/ul>\r\n<p>\u00a0<\/p>\r\n<ul>\r\n<li style=\"list-style-type: none;\">\r\n<ul>\r\n<li>Fotocopia del DNI de los padres o tutores.<\/li>\r\n<\/ul>\r\n<\/li>\r\n<\/ul>\r\n<p>\u00a0<\/p>\r\n<ul>\r\n<li style=\"list-style-type: none;\">\r\n<ul>\r\n<li>Fotocopia del calendario de vacunaciones.<\/li>\r\n<\/ul>\r\n<\/li>\r\n<\/ul>\r\n<p>\u00a0<\/p>\r\n<ul>\r\n<li style=\"list-style-type: none;\">\r\n<ul>\r\n<li>Hoja de matr\u00edcula del centro rellena.<\/li>\r\n<\/ul>\r\n<\/li>\r\n<\/ul>\r\n<p>\u00a0<\/p>\r\n<ul>\r\n<li style=\"list-style-type: none;\">\r\n<ul>\r\n<li><a title=\"\" href=\"http:\/\/guarderiatrobajo.es\/wp-content\/uploads\/2022\/11\/20190108_Normas-y-precios-Guarderia.pdf\" target=\"_blank\" rel=\"noopener\">Hoja de normas y aclaraciones firmad<\/a><a title=\"\" href=\"http:\/\/guarderiatrobajo.es\/wp-content\/uploads\/2022\/11\/20190108_Normas-y-precios-Guarderia.doc\" target=\"_blank\" rel=\"noopener\">a.<\/a>\u00a0<img loading=\"lazy\" decoding=\"async\" class=\"alignnone wp-image-3712\" src=\"http:\/\/guarderiatrobajo.es\/wp-content\/uploads\/2022\/11\/icono-PDF-258x300.png\" alt=\"icono-PDF\" width=\"25\" height=\"29\" srcset=\"https:\/\/guarderiatrobajo.es\/wp-content\/uploads\/2022\/11\/icono-PDF-258x300.png 258w, https:\/\/guarderiatrobajo.es\/wp-content\/uploads\/2022\/11\/icono-PDF.png 360w\" sizes=\"auto, (max-width: 25px) 100vw, 25px\" \/><\/li>\r\n<\/ul>\r\n<\/li>\r\n<\/ul>\r\n<p>\u00a0<\/p>\r\n<ul>\r\n<li style=\"list-style-type: none;\">\r\n<ul>\r\n<li>Pago de la cuota de matr\u00edcula.<\/li>\r\n<\/ul>\r\n<\/li>\r\n<\/ul>\r\n<p>\u00a0<\/p>\r\n<ul>\r\n<li style=\"list-style-type: none;\">\r\n<ul>\r\n<li><a title=\"\" href=\"http:\/\/guarderiatrobajo.es\/wp-content\/uploads\/2022\/11\/Ficha-entrada-proteccion-de-datos.pdf\" target=\"_blank\" rel=\"noopener\">Ficha entrada protecci\u00f3n de datos<\/a> <img loading=\"lazy\" decoding=\"async\" class=\"alignnone wp-image-3712\" src=\"http:\/\/guarderiatrobajo.es\/wp-content\/uploads\/2022\/11\/icono-PDF-258x300.png\" alt=\"icono-PDF\" width=\"25\" height=\"29\" srcset=\"https:\/\/guarderiatrobajo.es\/wp-content\/uploads\/2022\/11\/icono-PDF-258x300.png 258w, https:\/\/guarderiatrobajo.es\/wp-content\/uploads\/2022\/11\/icono-PDF.png 360w\" sizes=\"auto, (max-width: 25px) 100vw, 25px\" \/><\/li>\r\n<\/ul>\r\n<\/li>\r\n<\/ul>\r\n<p>\u00a0[\/vc_column_text][\/vc_tta_section][\/vc_tta_accordion][vc_empty_space height=\u00bb40px\u00bb][vc_column_text]<\/p>\r\n<p>Dentro del programa de trabajo del centro los ni\u00f1os cuentan con un tiempo de aprendizaje de la lengua inglesa. Nuestro profesor es biling\u00fce, para garantizar una correcta pronunciaci\u00f3n. La metodolog\u00eda utilizada se basa en el aprendizaje natural del idioma y en el juego como herramienta.<\/p>\r\n<p>[\/vc_column_text][vc_column_text]Nuestro men\u00fa (de elaboraci\u00f3n propia), est\u00e1 dise\u00f1ado y adaptado para cubrir las necesidades de los ni\u00f1os. En el caso de que el ni\u00f1o\/a sea al\u00e9rgico a alg\u00fan alimento o tenga alguna afecci\u00f3n cr\u00f3nica como la diabetes, deber\u00e1 de ser informado, aunque las comidas no las realice en el centro.[\/vc_column_text][\/vc_column][\/vc_row][vc_row][vc_column][vc_custom_heading text=\u00bb\u00bfA\u00fan no se ha decidido?\u00bb font_container=\u00bbtag:h1|font_size:42px|text_align:center|color:%23704825&#8243; google_fonts=\u00bbfont_family:Salsa%3Aregular|font_style:400%20regular%3A400%3Anormal\u00bb el_class=\u00bbwidget-title\u00bb][\/vc_column][\/vc_row][vc_row gap=\u00bb30&#8243; equal_height=\u00bbyes\u00bb css=\u00bb.vc_custom_1471891144722{margin-right: 0px !important;margin-left: 0px !important;background-color: #ffffff !important;background-position: center !important;background-repeat: no-repeat !important;background-size: cover !important;}\u00bb][vc_column width=\u00bb1\/3&#8243; css=\u00bb.vc_custom_1471891647155{margin-top: 15px !important;margin-bottom: 15px !important;background-color: #f6f6f6 !important;border-radius: 20px !important;}\u00bb offset=\u00bbvc_col-md-offset-0 vc_col-sm-offset-0&#8243; el_class=\u00bbztl-no-padding\u00bb][vc_icon type=\u00bbtypicons\u00bb icon_typicons=\u00bbtypcn typcn-flow-parallel\u00bb color=\u00bbwhite\u00bb background_style=\u00bbrounded\u00bb background_color=\u00bbcustom\u00bb size=\u00bbxl\u00bb align=\u00bbcenter\u00bb css_animation=\u00bbappear\u00bb custom_background_color=\u00bb#f25141&#8243;][vc_custom_heading text=\u00bbFlexibilidad\u00bb font_container=\u00bbtag:h3|font_size:28|text_align:center|color:%23f25141|line_height:1.2&#8243; google_fonts=\u00bbfont_family:Salsa%3Aregular|font_style:400%20regular%3A400%3Anormal\u00bb][vc_column_text css=\u00bb.vc_custom_1669765473019{padding-bottom: 35px !important;}\u00bb]<\/p>\r\n<ul>\r\n<li>Para facilitar el desarrollo de todas las rutinas, las entradas al centro ser\u00e1n antes de las 10:00 y las salidas quedan establecidas a partir de las 13:00. Este horario tambi\u00e9n ser\u00e1 respetado por las personas que tengan bonos horarios.<\/li>\r\n<\/ul>\r\n<p>[\/vc_column_text][\/vc_column][vc_column width=\u00bb1\/3&#8243; css=\u00bb.vc_custom_1471891661430{margin-top: 15px !important;margin-bottom: 15px !important;background-color: #f6f6f6 !important;border-radius: 20px !important;}\u00bb offset=\u00bbvc_col-md-offset-0 vc_col-sm-offset-0&#8243; el_class=\u00bbztl-no-padding\u00bb][vc_icon type=\u00bbtypicons\u00bb icon_typicons=\u00bbtypcn typcn-feather\u00bb color=\u00bbwhite\u00bb background_style=\u00bbrounded\u00bb background_color=\u00bbcustom\u00bb size=\u00bbxl\u00bb align=\u00bbcenter\u00bb css_animation=\u00bbappear\u00bb custom_background_color=\u00bb#93c524&#8243;][vc_custom_heading text=\u00bbInstalaciones excepcionalmente amplias\u00bb font_container=\u00bbtag:h3|font_size:28px|text_align:center|color:%2393c524|line_height:1.2&#8243; google_fonts=\u00bbfont_family:Salsa%3Aregular|font_style:400%20regular%3A400%3Anormal\u00bb][vc_column_text css=\u00bb.vc_custom_1669765521921{padding-bottom: 35px !important;}\u00bb]<\/p>\r\n<ul>\r\n<li>Nuestra Guarder\u00eda cuenta con las siguientes instalaciones\r\n<ul>\r\n<li>Aula de usos m\u00faltiples preparada para realizar ejercicios de psicomotricidad.<\/li>\r\n<li>Aula de cunas acondicionada con todo lo necesario para el cuidado de los beb\u00e9s (zona de descanso, zona de juegos, cambiador y peque\u00f1o office).<\/li>\r\n<li>Un aula de 1-2 a\u00f1os (2\u00ba nivel)*<\/li>\r\n<li>Dos aulas de 2-3 a\u00f1os (por nivel)<\/li>\r\n<li>Dos patios exteriores de juegos<\/li>\r\n<\/ul>\r\n<\/li>\r\n<\/ul>\r\n<p>[\/vc_column_text][\/vc_column][vc_column width=\u00bb1\/3&#8243; css=\u00bb.vc_custom_1471891678651{margin-top: 15px !important;margin-bottom: 15px !important;background-color: #f6f6f6 !important;border-radius: 20px !important;}\u00bb offset=\u00bbvc_col-md-offset-0 vc_col-sm-offset-0&#8243; el_class=\u00bbztl-no-padding\u00bb][vc_icon type=\u00bbtypicons\u00bb icon_typicons=\u00bbtypcn typcn-brush\u00bb color=\u00bbwhite\u00bb background_style=\u00bbrounded\u00bb background_color=\u00bbcustom\u00bb size=\u00bbxl\u00bb align=\u00bbcenter\u00bb css_animation=\u00bbappear\u00bb custom_background_color=\u00bb#28a8e3&#8243;][vc_custom_heading text=\u00bbPlanes de asistencia flexibles\u00bb font_container=\u00bbtag:h3|font_size:28px|text_align:center|color:%2328a8e3|line_height:1.2&#8243; google_fonts=\u00bbfont_family:Salsa%3Aregular|font_style:400%20regular%3A400%3Anormal\u00bb][vc_column_text css=\u00bb.vc_custom_1669765280315{padding-bottom: 35px !important;}\u00bb]<\/p>\r\n<ul>\r\n<li>Bonos por horas:\r\n<ul>\r\n<li>Bono 10 horas de guarder\u00eda &gt; 35\u20ac<\/li>\r\n<li>Bono 20 horas de guarder\u00eda &gt; 60\u20ac<\/li>\r\n<li>Bono 30 horas de guarder\u00eda &gt; 75\u20ac<\/li>\r\n<\/ul>\r\n<\/li>\r\n<\/ul>\r\n<p>[\/vc_column_text][\/vc_column][\/vc_row]<\/p><\/section>","protected":false},"excerpt":{"rendered":"<p>[vc_row gap=\u00bb30&#8243;][vc_column width=\u00bb1\/2&#8243; el_class=\u00bbztl-contact-form\u00bb][\/vc_column][vc_column width=\u00bb1\/2&#8243;][vc_custom_heading text=\u00bbPasos para la inscripci\u00f3n\u00bb font_container=\u00bbtag:h2|font_size:32|text_align:left|color:%23704825|line_height:1.2&#8243; google_fonts=\u00bbfont_family:Salsa%3Aregular|font_style:400%20regular%3A400%3Anormal\u00bb][vc_tta_accordion style=\u00bbflat\u00bb color=\u00bbwhite\u00bb active_section=\u00bb1&#8243; no_fill=\u00bbtrue\u00bb el_class=\u00bbztl-accordion\u00bb][vc_tta_section title=\u00bbPaso 1: En primer Lugar\u00bb tab_id=\u00bb1471881756668-18275cc5-5d08&#8243; el_class=\u00bbztl-accordion-title\u00bb][vc_column_text] El curso se inicia en septiembre, mes que dedicamos a las adaptaciones a la nueva rutina. Durante este periodo de adaptaci\u00f3n los horarios son flexibles y se ajustan a las necesidades concretas [&hellip;]<\/p>\n","protected":false},"author":1,"featured_media":0,"parent":0,"menu_order":0,"comment_status":"closed","ping_status":"closed","template":"","meta":{"om_disable_all_campaigns":false,"_monsterinsights_skip_tracking":false,"_monsterinsights_sitenote_active":false,"_monsterinsights_sitenote_note":"","_monsterinsights_sitenote_category":0,"footnotes":""},"class_list":["post-3396","page","type-page","status-publish","hentry"],"aioseo_notices":[],"jetpack_sharing_enabled":true,"_links":{"self":[{"href":"https:\/\/guarderiatrobajo.es\/index.php\/wp-json\/wp\/v2\/pages\/3396","targetHints":{"allow":["GET"]}}],"collection":[{"href":"https:\/\/guarderiatrobajo.es\/index.php\/wp-json\/wp\/v2\/pages"}],"about":[{"href":"https:\/\/guarderiatrobajo.es\/index.php\/wp-json\/wp\/v2\/types\/page"}],"author":[{"embeddable":true,"href":"https:\/\/guarderiatrobajo.es\/index.php\/wp-json\/wp\/v2\/users\/1"}],"replies":[{"embeddable":true,"href":"https:\/\/guarderiatrobajo.es\/index.php\/wp-json\/wp\/v2\/comments?post=3396"}],"version-history":[{"count":13,"href":"https:\/\/guarderiatrobajo.es\/index.php\/wp-json\/wp\/v2\/pages\/3396\/revisions"}],"predecessor-version":[{"id":4623,"href":"https:\/\/guarderiatrobajo.es\/index.php\/wp-json\/wp\/v2\/pages\/3396\/revisions\/4623"}],"wp:attachment":[{"href":"https:\/\/guarderiatrobajo.es\/index.php\/wp-json\/wp\/v2\/media?parent=3396"}],"curies":[{"name":"wp","href":"https:\/\/api.w.org\/{rel}","templated":true}]}}